{"id":10003,"date":"2026-03-12T11:36:59","date_gmt":"2026-03-12T10:36:59","guid":{"rendered":"https:\/\/ppprotect.sk\/dokument\/?page_id=10003"},"modified":"2026-03-12T11:36:59","modified_gmt":"2026-03-12T10:36:59","slug":"centrum-socialnych-sluzieb-velke-levare","status":"publish","type":"page","link":"https:\/\/ppprotect.sk\/dokument\/centrum-socialnych-sluzieb-velke-levare\/","title":{"rendered":"Centrum soci\u00e1lnych slu\u017eieb Ve\u013ek\u00e9 Lev\u00e1re"},"content":{"rendered":"\n<p><strong>Aktualizovan\u00e9 d\u0148a<\/strong> <a id=\"#1031\" href=\"\"#><\/a><\/p>\n\n\n\n<p class=\"has-large-font-size\"><strong>Vyhl\u00e1senie\no&nbsp;sprac\u00favan\u00ed osobn\u00fdch \u00fadajov<\/strong><\/p>\n\n\n\n<p>V\u00e1\u017een\u00ed klienti a\u00a0z\u00e1konn\u00ed z\u00e1stupcovia,<\/p>\r\n<p>v\u00a0s\u00favislosti so spracovan\u00edm osobn\u00fdch \u00fadajov zo strany prev\u00e1dzkovate\u013ea V\u00e1m t\u00fdmto poskytujeme inform\u00e1cie pod\u013ea \u010dl\u00e1nkov 13 a\u00a014 Nariadenia Eur\u00f3pskeho parlamentu a\u00a0Rady (E\u00da) 2016\/679 z\u00a027. apr\u00edla 2016 o\u00a0ochrane fyzick\u00fdch os\u00f4b pri sprac\u00favan\u00ed osobn\u00fdch \u00fadajov a\u00a0o\u00a0vo\u013enom pohybe tak\u00fdchto \u00fadajov (\u010falej len \u201eNariadenie\u201c).<\/p>\r\n<p>Va\u0161e osobn\u00e9 \u00fadaje (\u010falej len \u201eosobn\u00e9 \u00fadaje\u201c) sprac\u00favame s\u00a0cie\u013eom zabezpe\u010denia realiz\u00e1cie a plnenia povinnost\u00ed prev\u00e1dzkovate\u013ea, ako aj na \u010fal\u0161ie \u00fa\u010dely nevyhnutn\u00e9 na plnenie z\u00e1konn\u00fdch povinnost\u00ed prev\u00e1dzkovate\u013ea, na z\u00e1klade zmluvn\u00fdch a\u00a0predzmluvn\u00fdch vz\u0165ahov, na z\u00e1klade s\u00fahlasu dotknutej osoby. Osobn\u00e9 \u00fadaje sprac\u00favame len na z\u00e1klade z\u00e1konn\u00fdch podmienok (pr\u00e1vneho z\u00e1kladu - opr\u00e1vnenia na sprac\u00favanie osobn\u00fdch \u00fadajov), ktor\u00fd vypl\u00fdva z\u00a0Nariadenia, Z\u00e1kona \u010d. . 18\/2018 Z.\u00a0z. o\u00a0ochrane osobn\u00fdch \u00fadajov alebo in\u00fdch osobitn\u00fdch predpisov (napr\u00edklad Z\u00e1kon o\u00a0soci\u00e1lnych slu\u017eb\u00e1ch). Ako prev\u00e1dzkovate\u013e m\u00e1me z\u00e1konn\u00fa povinnos\u0165 poskytn\u00fa\u0165 osobn\u00e9 \u00fadaje pri kontrole, dozornej \u010dinnosti alebo na \u017eiados\u0165 opr\u00e1vnen\u00fdch org\u00e1nov \u0161t\u00e1tu alebo in\u0161tit\u00faci\u00ed, ak to vypl\u00fdva z\u00a0osobitn\u00fdch predpisov.<\/p>\r\n<p>Osobn\u00e9 \u00fadaje m\u00f4\u017eeme zdie\u013ea\u0165 s tret\u00edmi stranami, ktor\u00e9 konaj\u00fa v na\u0161om mene, napr\u00edklad s\u00a0dod\u00e1vate\u013emi niektor\u00fdch slu\u017eieb - sprostredkovate\u013emi. V tak\u00fdchto pr\u00edpadoch m\u00f4\u017eu tieto tretie strany pou\u017e\u00edva\u0165 osobn\u00e9 \u00fadaje len na op\u00edsan\u00e9 \u00fa\u010dely a iba v s\u00falade s na\u0161imi pokynmi, a\u00a0na z\u00e1klade uzatvorenej zmluvy o\u00a0sprostredkovan\u00ed (podrobnosti o\u00a0poskytnut\u00ed osobn\u00fdch \u00fadajov pri jednotliv\u00fdch \u00fa\u010deloch sprac\u00favania).<\/p>\r\n<p>Osobn\u00e9 \u00fadaje s\u00fa uchov\u00e1van\u00e9 bezpe\u010dne, v\u00a0s\u00falade s\u00a0bezpe\u010dnostnou politikou prev\u00e1dzkovate\u013ea a\u00a0sprostredkovate\u013ea a\u00a0len po dobu nevyhnutn\u00fa na splnenie \u00fa\u010delu sprac\u00favania. Pr\u00edstup k\u00a0osobn\u00fdm \u00fadajom maj\u00fa v\u00a0s\u00falade s\u00a0bezpe\u010dnostnou politikou prev\u00e1dzkovate\u013ea iba osoby poveren\u00e9 prev\u00e1dzkovate\u013eom na sprac\u00favanie osobn\u00fdch \u00fadajov.<\/p>\r\n<p>Osobn\u00e9 \u00fadaje s\u00fa z\u00e1lohovan\u00e9 v\u00a0s\u00falade s\u00a0reten\u010dn\u00fdmi pravidlami prev\u00e1dzkovate\u013ea. Zo z\u00e1lohov\u00fdch \u00falo\u017e\u00edsk bud\u00fa osobn\u00e9 \u00fadaje \u00faplne vymazan\u00e9 akon\u00e1hle to v\u00a0s\u00falade s\u00a0pravidlami z\u00e1lohovania uveden\u00e9 bude mo\u017en\u00e9. Osobn\u00e9 \u00fadaje uchov\u00e1van\u00e9 na z\u00e1lo\u017en\u00fdch \u00falo\u017eisk\u00e1ch sl\u00fa\u017eia najm\u00e4 k zabezpe\u010deniu ich dostupnosti v pr\u00edpade potencion\u00e1lneho bezpe\u010dnostn\u00e9ho incidentu (naru\u0161enie integrity, d\u00f4vernosti alebo dostupnosti osobn\u00fdch \u00fadajov). Prev\u00e1dzkovate\u013e je povinn\u00fd zabezpe\u010dova\u0165 z\u00e1lohovanie \u00fadajov v\u00a0s\u00falade s\u00a0bezpe\u010dnostn\u00fdmi po\u017eiadavkami Nariadenia a\u00a0Z\u00e1kona o\u00a0ochrane osobn\u00fdch \u00fadajov. Osobn\u00e9 \u00fadaje uchov\u00e1vame len na obmedzen\u00fd \u010das, pri\u010dom k\u00a0ich vymazaniu d\u00f4jde, ke\u010f u\u017e nebud\u00fa potrebn\u00e9 na \u00fa\u010dely spracovania.\u00a0<\/p>\r\n<p>Na realiz\u00e1ciu niektor\u00fdch \u00fakonov vypl\u00fdvaj\u00facich zo z\u00e1konn\u00fdch povinnosti prev\u00e1dzkovate\u013ea je poskytnutie osobn\u00fdch \u00fadajov z\u00e1konnou povinnos\u0165ou dotknutej osoby a\u00a0toto poskytnutie osobn\u00fdch \u00fadajov je tie\u017e nevyhnutn\u00e9 pre uzatvorenie zmluvn\u00e9ho vz\u0165ahu medzi prev\u00e1dzkovate\u013eom a\u00a0dotknutou osobou. V\u00a0pr\u00edpade neposkytnutia osobn\u00fdch \u00fadajov dotknutou osobou v\u00a0rozsahu nevyhnutnom na plnenie z\u00e1konn\u00fdch povinnost\u00ed alebo na plnenie z\u00e1v\u00e4zkov vypl\u00fdvaj\u00facich zo zmluvn\u00fdch vz\u0165ahov, nebude prev\u00e1dzkovate\u013e schopn\u00fd plni\u0165 svoje z\u00e1konn\u00e9 povinnosti alebo povinnosti vypl\u00fdvaj\u00face zo zmluvn\u00e9ho vz\u0165ahu. Neposkytnutie osobn\u00fdch \u00fadajov m\u00f4\u017ee ma\u0165 za n\u00e1sledok ukon\u010denie alebo nerealiz\u00e1ciu \u00fakonov vypl\u00fdvaj\u00facich prev\u00e1dzkovate\u013eovi z\u00a0osobitn\u00fdch predpisov (napr\u00edklad nevyplatenie finan\u010dn\u00fdch n\u00e1rokov) a\u00a0pod.<\/p>\r\n<p>V\u00a0pr\u00edpade, ak m\u00e1te z\u00e1ujem z\u00edska\u0165 podrobnej\u0161ie inform\u00e1cie ako s\u00fa uveden\u00e9 v\u00a0tomto dokumente, obr\u00e1\u0165te sa, pros\u00edm, na osobu zodpovedn\u00fa za ochranu \u00fadajov (vi\u010f ni\u017e\u0161ie).<\/p>\r\n<p>Tento dokument bude aktualizovan\u00fd (napr. na z\u00e1klade zos\u00faladenia so zmenou pr\u00e1vnej \u00fapravy) aj bez upozornenia. Preto V\u00e1s \u017eiadame, aby ste sa pravidelne oboznamovali s jeho znen\u00edm na na\u0161om webovom s\u00eddle alebo priamo u\u00a0n\u00e1s. T\u00e1to verzia bola vydan\u00e1 d\u0148a 14.4.2020.<\/p>\n\n\n\n<h2 id=\"3\"><strong>\u00da\u010dely\nsprac\u00favania osobn\u00fdch \u00fadajov, lehoty uchov\u00e1vania, pr\u00e1vny z\u00e1klad<\/strong><\/h2>\n\n\n\n<p>Va\u0161e osobn\u00e9 \u00fadaje sprac\u00favame na \u00fa\u010dely, ktor\u00e9 s\u00fa bli\u017e\u0161ie definovan\u00e9 v\u00a0pr\u00edlohe tohto Vyhl\u00e1senia o\u00a0sprac\u00favan\u00ed osobn\u00fdch \u00fadajov. V\u00a0pr\u00edlohe s\u00fa preh\u013eadne a\u00a0zrozumite\u013ene uveden\u00e9 v\u0161etky inform\u00e1cie v\u00a0s\u00falade s\u00a0Nariaden\u00edm a\u00a0Z\u00e1konom o\u00a0ochrane osobn\u00fdch \u00fadajov.<\/p>\n\n\n\n<h2 id=\"4\">Zodpovedn\u00e1 osoba<\/h2>\n\n\n\n<p>Na bezpe\u010dn\u00e9 sprac\u00favanie osobn\u00fdch \u00fadajov a\u00a0s\u00falad sprac\u00favania s\u00a0Nariaden\u00edm a\u00a0Z\u00e1konom o\u00a0ochrane osobn\u00fdch \u00fadajov dohliada zodpovedn\u00e1 osoba, na ktor\u00fa sa v\u00a0pr\u00edpade uplatnenia svojich pr\u00e1v m\u00f4\u017eete obr\u00e1ti\u0165.<\/p>\n\n\n\n<p class=\"has-very-light-gray-color has-very-dark-gray-background-color has-text-color has-background\">Mail:&nbsp; zodpovednaosoba@ppprotect.sk             Kore\u0161ponden\u010dn\u00e1 adresa:&nbsp; &nbsp;PP Protect s.r.o., Antona Bernol\u00e1ka 2, 071 01 Michalovce<\/p>\n\n\n\n<p><strong>Pr\u00e1vo na pr\u00edstup <\/strong><\/p>\r\n<p>M\u00e1te pr\u00e1vo na poskytnutie k\u00f3pie osobn\u00fdch \u00fadajov, ktor\u00e9 o V\u00e1s m\u00e1me k\u00a0dispoz\u00edcii, ako aj na inform\u00e1cie o tom, ako Va\u0161e osobn\u00e9 \u00fadaje pou\u017e\u00edvame.<\/p>\r\n<p>Vo v\u00e4\u010d\u0161ine pr\u00edpadov V\u00e1m bud\u00fa Va\u0161e osobn\u00e9 \u00fadaje poskytnut\u00e9 v\u00a0listinnej forme, pokia\u013e nepo\u017eadujete in\u00fd sp\u00f4sob ich poskytnutia. Ak ste o\u00a0poskytnutie t\u00fdchto inform\u00e1ci\u00ed po\u017eiadali elektronick\u00fdmi prostriedkami, bud\u00fa V\u00e1m poskytnut\u00e9 elektronicky, ak to bude technicky mo\u017en\u00e9.<\/p>\r\n<p><strong>Pr\u00e1vo na opravu<\/strong><\/p>\r\n<p>Prij\u00edmame primeran\u00e9 opatrenia, aby sme zabezpe\u010dili presnos\u0165, \u00faplnos\u0165 a\u00a0aktu\u00e1lnos\u0165 inform\u00e1ci\u00ed, ktor\u00e9 o V\u00e1s m\u00e1me k dispoz\u00edcii. Ak si mysl\u00edte, \u017ee \u00fadaje, ktor\u00fdmi disponujeme s\u00fa nepresn\u00e9, ne\u00fapln\u00e9 alebo neaktu\u00e1lne, pros\u00edm, nev\u00e1hajte n\u00e1s po\u017eiada\u0165, aby sme tieto inform\u00e1cie upravili, aktualizovali alebo doplnili.<\/p>\r\n<p><strong>Pr\u00e1vo na vymazanie<\/strong><\/p>\r\n<p>M\u00e1te pr\u00e1vo n\u00e1s po\u017eiada\u0165 o vymazanie Va\u0161ich osobn\u00fdch \u00fadajov, napr\u00edklad v\u00a0pr\u00edpade, ak osobn\u00e9 \u00fadaje, ktor\u00e9 sme o\u00a0V\u00e1s z\u00edskali, u\u017e viac nie s\u00fa potrebn\u00e9 na naplnenie p\u00f4vodn\u00e9ho \u00fa\u010delu sprac\u00favania. Va\u0161e pr\u00e1vo je v\u0161ak potrebn\u00e9 pos\u00fadi\u0165 z\u00a0poh\u013eadu v\u0161etk\u00fdch relevantn\u00fdch okolnost\u00ed. Napr\u00edklad, m\u00f4\u017eeme ma\u0165 ur\u010dit\u00e9 pr\u00e1vne a regula\u010dn\u00e9 povinnosti, \u010do znamen\u00e1, \u017ee nebudeme m\u00f4c\u0165 Va\u0161ej \u017eiadosti vyhovie\u0165.<\/p>\r\n<p><strong>Pr\u00e1vo na obmedzenie sprac\u00favania<\/strong><\/p>\r\n<p>Za ur\u010dit\u00fdch okolnost\u00ed ste opr\u00e1vnen\u00fd n\u00e1s po\u017eiada\u0165, aby sme prestali pou\u017e\u00edva\u0165 Va\u0161e osobn\u00e9 \u00fadaje. Ide napr\u00edklad o\u00a0pr\u00edpady, ke\u010f si mysl\u00edte, \u017ee osobn\u00e9 \u00fadaje, ktor\u00e9 o V\u00e1s m\u00e1me, m\u00f4\u017eu by\u0165 nepresn\u00e9 alebo ke\u010f si mysl\u00edte, \u017ee u\u017e Va\u0161e osobn\u00e9 \u00fadaje nepotrebujeme vyu\u017e\u00edva\u0165.<\/p>\r\n<p><strong>S\u00fahlas<\/strong><\/p>\r\n<p>V\u00a0pr\u00edpadoch, kedy Va\u0161e osobn\u00e9 \u00fadaje sprac\u00favame na z\u00e1klade V\u00e1\u0161ho s\u00fahlasu, m\u00e1te pr\u00e1vo tento s\u00fahlas kedyko\u013evek odvola\u0165. S\u00fahlas m\u00f4\u017eete odvola\u0165 elektronicky, na adrese Zodpovednej osoby, p\u00edsomne, ozn\u00e1men\u00edm o\u00a0odvolan\u00ed s\u00fahlasu alebo osobne v\u00a0\u00farade.\u00a0 Odvolanie s\u00fahlasu nem\u00e1 vplyv na z\u00e1konnos\u0165 sprac\u00favania osobn\u00fdch \u00fadajov, ktor\u00e9 sme na jeho z\u00e1klade o\u00a0V\u00e1s sprac\u00favali.<\/p>\r\n<p><strong>Pr\u00e1vo na prenosnos\u0165 \u00fadajov<\/strong><\/p>\r\n<p>Za ur\u010dit\u00fdch okolnost\u00ed m\u00e1te pr\u00e1vo po\u017eiada\u0165 n\u00e1s o prenos osobn\u00fdch \u00fadajov, ktor\u00e9 ste n\u00e1m poskytli, na in\u00fa tretiu stranu pod\u013ea V\u00e1\u0161ho v\u00fdberu. Pr\u00e1vo na prenosnos\u0165 sa v\u0161ak t\u00fdka len osobn\u00fdch \u00fadajov, ktor\u00e9 sme od V\u00e1s z\u00edskali na z\u00e1klade s\u00fahlasu alebo na z\u00e1klade zmluvy, ktorej ste jednou zo zmluvn\u00fdch str\u00e1n.<\/p>\r\n<p><strong>Pr\u00e1vo\u00a0 namieta\u0165<\/strong><\/p>\r\n<p>M\u00e1te pr\u00e1vo namieta\u0165 vo\u010di sprac\u00favaniu \u00fadajov, ktor\u00e9 je zalo\u017een\u00e9 na na\u0161ich legit\u00edmnych a opr\u00e1vnen\u00fdch z\u00e1ujmoch. V\u00a0pr\u00edpade, ak nem\u00e1me presved\u010div\u00fd legit\u00edmny opr\u00e1vnen\u00fd d\u00f4vod na sprac\u00favanie a\u00a0Vy pod\u00e1te n\u00e1mietku, nebudeme Va\u0161e osobn\u00e9 \u00fadaje \u010falej sprac\u00fava\u0165.\u00a0<\/p>\r\n<p><strong>Pr\u00e1vo poda\u0165 s\u0165a\u017enos\u0165<\/strong><\/p>\r\n<p>Ak sa domnievate, \u017ee Va\u0161e osobn\u00e9 \u00fadaje sprac\u00favame nespravodlivo alebo nez\u00e1konne, m\u00f4\u017eete poda\u0165 s\u0165a\u017enos\u0165 na dozorn\u00fd org\u00e1n, ktor\u00fdm je \u00darad na ochranu osobn\u00fdch \u00fadajov Slovenskej republiky,\u00a0 <a href=\"https:\/\/dataprotection.gov.sk\">https:\/\/dataprotection.gov.sk<\/a>, Hrani\u010dn\u00e1 12, 820 07 Bratislava 27;\u00a0 tel. \u010d\u00edslo: +421 \/2\/ 3231 3214; E-mail: <a href=\"mailto:statny.dozor@pdp.gov.sk\">statny.dozor@pdp.gov.sk<\/a>.\u00a0\u00a0<\/p>\r\n<p>V\u00a0pr\u00edpade ak\u00fdchko\u013evek ot\u00e1zok, t\u00fdkaj\u00facich sa sprac\u00favania Va\u0161ich osobn\u00fdch \u00fadajov n\u00e1s m\u00f4\u017eete kontaktova\u0165 prostredn\u00edctvom na\u0161ej Zodpovednej osoby.<\/p>\n\n\n\n<p><\/p>\n\n\n\n<h2 class=\"wp-block-heading has-very-dark-gray-color has-text-color\" id=\"navigacia\"><strong>R\u00fdchla navig\u00e1cia :<\/strong><\/h2>\n\n\n\n<div class=\"wp-block-group\"><div class=\"wp-block-group__inner-container is-layout-flow wp-block-group-is-layout-flow\">\n<div class=\"wp-block-group\"><div class=\"wp-block-group__inner-container is-layout-flow wp-block-group-is-layout-flow\">\n<ul class=\"navigacia\">\n<li><p><a href=\"#posta\">Po\u0161ta a registrat\u00fara<\/a><\/p><\/li>\n<li><p><a href=\"#agenda_poskytovania_informacii\">Agenda poskytovania inform\u00e1ci\u00ed<\/a><\/p><\/li>\n<li><p><a href=\"#bezpecnost\">Bezpe\u010dnos\u0165<\/a><\/p><\/li>\n<li><p><a href=\"#pravna_agenda\">Pr\u00e1vna agenda<\/a><\/p><\/li>\n<li><p><a href=\"#kulturno_spolocenska_agenda\">Kult\u00farno-spolo\u010densk\u00e1 agenda<\/a><\/p><\/li>\n<li><p><a href=\"#personalna-a-mzdova-agenda\">Person\u00e1lna a mzdov\u00e1 agenda<\/a><\/p><\/li>\n<li><p><a href=\"#agenda_socialnej_starostlivosti\">Agenda soci\u00e1lnej starostlivosti<\/a><\/p><\/li>\n<li><p><a href=\"#vseobecna_agenda\">V\u0161eobecn\u00e1 agenda<\/a><\/p><\/li>\n<\/ul>\n<\/div><\/div>\n<\/div><\/div>\n\n\n\n\n<table id=\"tablepress-893\" class=\"tablepress tablepress-id-893 tbody-has-connected-cells\">\n<thead>\n<tr class=\"row-1\">\n\t<th class=\"column-1\">\u00da\u010del sprac\u00favania<\/th><th class=\"column-2\">Pr\u00e1vny z\u00e1klad spracovate\u013eskej \u010dinnosti<br \/>\n(nepovinn\u00e9)<\/th><th class=\"column-3\">Kateg\u00f3rie dotknut\u00fdch os\u00f4b<\/th><th class=\"column-4\">Lehota na v\u00fdmaz O\u00da<\/th><th class=\"column-5\">Kateg\u00f3ria pr\u00edjemcov<\/th><th class=\"column-6\">Ozna\u010denie tretej krajiny alebo medzin\u00e1rodnej organiz\u00e1cie<\/th>\n<\/tr>\n<\/thead>\n<tbody class=\"row-striping row-hover\">\n<tr class=\"row-2\">\n\t<td colspan=\"6\" class=\"column-1\"><p ID=\"posta\"><strong>Po\u0161ta a registrat\u00fara<\/strong><\/p><\/td>\n<\/tr>\n<tr class=\"row-3\">\n\t<td class=\"column-1\"><p><strong>Spr\u00e1va registrat\u00fary<\/strong><\/p><\/td><td class=\"column-2\"><p>V\u0161eobecn\u00e9 nariadenie o ochrane \u00fadajov \u010d. 2016\/679 \u010dl\u00e1nok 6, ods. 1, p\u00edsm. c), Z\u00e1kon \u010d. 395\/2002 Z. z. o arch\u00edvoch a registrat\u00farach a o doplnen\u00ed niektor\u00fdch z\u00e1konov, v znen\u00ed neskor\u0161\u00edch predpisov<\/p><\/td><td class=\"column-3\"><p>fyzick\u00e9 osoby \u2013 odosielatelia a prij\u00edmatelia \u00faradnej kore\u0161pondencie, fyzick\u00e9 osoby vr\u00e1tane zamestnancov, rodinn\u00fdch pr\u00edslu\u0161n\u00edkov zamestnancov pri uchov\u00e1van\u00ed registrat\u00farnych z\u00e1znamov ur\u010den\u00fdch na likvid\u00e1ciu, resp. archiv\u00e1ciu vo verejnom z\u00e1ujme<\/p><\/td><td class=\"column-4\">evidencia sa uchov\u00e1va 10 rokov po ukon\u010den\u00ed evidencie<\/td><td class=\"column-5\">Ministerstvo vn\u00fatra Slovenskej republiky, in\u00fd opr\u00e1vnen\u00fd subjekt,<\/td><td class=\"column-6\"><p>prenos do tretej krajiny sa neuskuto\u010d\u0148uje<\/p><\/td>\n<\/tr>\n<tr class=\"row-4\">\n\t<td class=\"column-1\"><p><strong>Evidencia prich\u00e1dzaj\u00facej a\u00a0odch\u00e1dzaj\u00facej po\u0161ty<\/strong><\/p><\/td><td class=\"column-2\"><p>V\u0161eobecn\u00e9 nariadenie oochrane \u00fadajov\u010d. 2016\/679 \u010dl\u00e1nok 6,ods. 1, p\u00edsm. c), Z\u00e1kon \u010d. 395\/2002 Z. z.o arch\u00edvoch a registrat\u00farach ao doplnen\u00ed niektor\u00fdch z\u00e1konov,v znen\u00ed neskor\u0161\u00edch predpisov. Z\u00e1kon \u010d. 305\/2013 Z. z. oelektronickej podobe v\u00fdkonup\u00f4sobnosti org\u00e1nov verejnejmoci a o zmene a doplnen\u00edniektor\u00fdch z\u00e1konov(z\u00e1kon o e-Governmente)<\/p><\/td><td class=\"column-3\"><p>fyzick\u00e9 osoby \u2013 odosielatelia a prij\u00edmatelia \u00faradnej kore\u0161pondencie,<\/p><\/td><td class=\"column-4\">3 roky<\/td><td class=\"column-5\"><\/td><td class=\"column-6\"><p>prenos do tretej krajiny sa neuskuto\u010d\u0148uje<\/p><\/td>\n<\/tr>\n<tr class=\"row-5\">\n\t<td colspan=\"6\" class=\"column-1\"><p id=\"agenda_poskytovania_informacii\"><strong>Agenda poskytovania inform\u00e1ci\u00ed<\/strong><\/p><\/td>\n<\/tr>\n<tr class=\"row-6\">\n\t<td class=\"column-1\"><p><strong>Vybavovanie \u017eiadost\u00ed o spr\u00edstupnenie inform\u00e1ci\u00ed<\/strong><\/p><\/td><td class=\"column-2\"><p>V\u0161eobecn\u00e9 nariadenie o ochrane \u00fadajov \u010d. 2016\/679 \u010dl\u00e1nok 6, ods. 1, p\u00edsm. c) a e), Z\u00e1kon \u010d. 211\/2000 Z. z. o slobodnom pr\u00edstupe k inform\u00e1ci\u00e1m a o zmene a doplnen\u00ed niektor\u00fdch z\u00e1konov (z\u00e1kon o slobode inform\u00e1ci\u00ed) v znen\u00ed neskor\u0161\u00edch predpisov alebo s\u00fahlas dotknutej osoby<\/p><\/td><td class=\"column-3\"><p>fyzick\u00e9 osoby \u2013 \u017eiadate\u013e, dotknut\u00e9 osoby pod\u013ea \u00a7 9 z\u00e1kona \u010d. 211\/2000 Z. z. o slobodnom pr\u00edstupe k inform\u00e1ci\u00e1m a o zmene a doplnen\u00ed niektor\u00fdch z\u00e1konov (z\u00e1kon o slobode inform\u00e1ci\u00ed) v znen\u00ed neskor\u0161\u00edch predpisov (vr\u00e1tane osobn\u00fdch \u00fadajov o zamestnancoch)<\/p><\/td><td class=\"column-4\">5 rokov<\/td><td class=\"column-5\"><p>\u017eiadatelia pod\u013ea z\u00e1kona \u010d. 211\/2000 Z. z. o slobodnom pr\u00edstupe k inform\u00e1ci\u00e1m a o zmene a doplnen\u00ed niektor\u00fdch z\u00e1konov (z\u00e1kon o slobode inform\u00e1ci\u00ed) v znen\u00ed neskor\u0161\u00edch predpisov<\/p><\/td><td class=\"column-6\"><p>prenos do tretej krajiny sa neuskuto\u010d\u0148uje<\/p><\/td>\n<\/tr>\n<tr class=\"row-7\">\n\t<td class=\"column-1\"><p><strong>Poskytovanie inform\u00e1ci\u00ed<\/strong><\/p><\/td><td class=\"column-2\"><p>V\u0161eobecn\u00e9 nariadenie o ochrane \u00fadajov \u010d. 2016\/679 \u010dl\u00e1nok 6, ods. 1, p\u00edsm. c) a e), Z\u00e1kon \u010d. 211\/2000 Z. z. o slobodnom pr\u00edstupe k inform\u00e1ci\u00e1m a o zmene a doplnen\u00ed niektor\u00fdch z\u00e1konov (z\u00e1kon o slobode inform\u00e1ci\u00ed) v znen\u00ed neskor\u0161\u00edch predpisov Z\u00e1kon \u010d. 527\/2002 Z. z. o dobrovo\u013en\u00fdch dra\u017eb\u00e1ch v znen\u00ed neskor\u0161\u00edch predpisovZ\u00e1kon \u010d. 511\/1992 Zb. o\u00a0spr\u00e1ve dan\u00ed a\u00a0poplatkov a\u00a0o\u00a0zmen\u00e1ch v\u00a0s\u00fastave finan\u010dn\u00fdch org\u00e1nov v\u00a0znen\u00ed neskor\u0161\u00edch predpisov.<\/p><\/td><td class=\"column-3\"><p>Osoby podliehaj\u00face povinnosti pod\u013ea z\u00e1kona o slobodnom pr\u00edstupe k inform\u00e1ci\u00e1m.<\/p><\/td><td class=\"column-4\">5 rokov po ukon\u010den\u00ed alebo z\u00e1niku povinnosti<\/td><td class=\"column-5\"><p>\u00daradn\u00e1 tabu\u013ea, webov\u00e9 s\u00eddlo prev\u00e1dzkovate\u013ea, in\u00fd opr\u00e1vnen\u00fd org\u00e1n \u0161t\u00e1tu<\/p><\/td><td class=\"column-6\"><p>prenos do tretej krajiny sa neuskuto\u010d\u0148uje<\/p><\/td>\n<\/tr>\n<tr class=\"row-8\">\n\t<td class=\"column-1\"><p><strong>Vybavovanie s\u0165a\u017enost\u00ed<\/strong><\/p><\/td><td class=\"column-2\"><p>V\u0161eobecn\u00e9 nariadenie o ochrane \u00fadajov \u010d. 2016\/679 \u010dl\u00e1nok 6, ods. 1, p\u00edsm. c) a e), Z\u00e1kon \u010d. 9\/2010 Z. z. o s\u0165a\u017enostiach\u00a0 v znen\u00ed neskor\u0161\u00edch predpisov<\/p><\/td><td class=\"column-3\"><p>Osoby, ktor\u00e9 podali s\u0165a\u017enos\u0165 a osoby, ktor\u00fdch sa s\u0165a\u017enos\u0165 t\u00fdka<\/p><\/td><td class=\"column-4\">5 rokov po ukon\u010den\u00ed alebo z\u00e1niku povinnosti<\/td><td class=\"column-5\"><\/td><td class=\"column-6\"><p>prenos do tretej krajiny sa neuskuto\u010d\u0148uje<\/p><\/td>\n<\/tr>\n<tr class=\"row-9\">\n\t<td class=\"column-1\"><p><strong>Pre\u0161etrovanie podnetov pod\u013ea z\u00e1kona \u010d. 307\/2014 Z. z. a\u00a0z\u00e1kona 54\/2019 Z. z. o\u00a0ochrane oznamovate\u013eov protispolo\u010denskej \u010dinnosti a o zmene a doplnen\u00ed niektor\u00fdch z\u00e1konov<\/strong><\/p><\/td><td class=\"column-2\"><p>V\u0161eobecn\u00e9 nariadenie o ochrane \u00fadajov \u010d. 2016\/679 \u010dl\u00e1nok 6, ods. 1, p\u00edsm. c) a e), Z\u00e1kon \u010d. 307\/2014 Z. z. o niektor\u00fdch opatreniach s\u00favisiacich s oznamovan\u00edm protispolo\u010denskej \u010dinnosti a o zmene a doplnen\u00ed niektor\u00fdch z\u00e1konov Z\u00e1kon \u010d. 54\/2019 Z. z. o ochrane oznamovate\u013eov protispolo\u010denskej \u010dinnosti a o zmene a doplnen\u00ed niektor\u00fdch z\u00e1konov<\/p><\/td><td class=\"column-3\"><p>fyzick\u00e9 osoby, ktor\u00e9 podali podnet a ktor\u00e9 s\u00fa pre\u0161etrovan\u00e9 pod\u013ea z\u00e1kona \u010d. 307\/2014 Z. z. o niektor\u00fdch opatreniach s\u00favisiacich s oznamovan\u00edm protispolo\u010denskej \u010dinnosti a o zmene a doplnen\u00ed niektor\u00fdch z\u00e1konov, zamestnanci a \u010fal\u0161ie osoby v s\u00favislosti s pre\u0161etrovan\u00edm podnetu<\/p><\/td><td class=\"column-4\">3 rokov<\/td><td class=\"column-5\">\u00fa\u010dastn\u00edci konania<\/td><td class=\"column-6\"><p>prenos do tretej krajiny sa neuskuto\u010d\u0148uje<\/p><\/td>\n<\/tr>\n<tr class=\"row-10\">\n\t<td colspan=\"6\" class=\"column-1\"><p id=\"bezpecnost\"><strong>Bezpe\u010dnos\u0165<\/strong><\/p><\/td>\n<\/tr>\n<tr class=\"row-11\">\n\t<td class=\"column-1\"><p><strong>Sie\u0165ov\u00e1 bezpe\u010dnos\u0165 a objektov\u00e1 bezpe\u010dnos\u0165 (Povolenie vstupu do budovy - n\u00e1v\u0161tevn\u00edk)<\/strong><\/p><\/td><td class=\"column-2\"><p>V\u0161eobecn\u00e9 nariadenie o ochrane \u00fadajov \u010d. 2016\/679 \u010dl\u00e1nok 6, ods. 1, p\u00edsm. e), sprac\u00favanie je nevyhnutn\u00e9 na \u00fa\u010dely opr\u00e1vnen\u00fdch z\u00e1ujmov prev\u00e1dzkovate\u013ea<\/p><\/td><td class=\"column-3\"><p>zamestnanci, zamestnanci dod\u00e1vate\u013eov poskytuj\u00facich podporu v syst\u00e9moch<\/p><\/td><td class=\"column-4\">1 rok<\/td><td class=\"column-5\">sprostredkovate\u013e (napr\u00edklad SBS)<\/td><td class=\"column-6\"><p>prenos do tretej krajiny sa neuskuto\u010d\u0148uje<\/p><\/td>\n<\/tr>\n<tr class=\"row-12\">\n\t<td colspan=\"6\" class=\"column-1\"><p id=\"pravna_agenda\"><strong>Pr\u00e1vna agenda<\/strong><\/p><\/td>\n<\/tr>\n<tr class=\"row-13\">\n\t<td class=\"column-1\"><p><strong>Uzatv\u00e1ranie zmluvn\u00fdch vz\u0165ahov (Zmluvn\u00e9 vz\u0165ahy)<\/strong><\/p><\/td><td class=\"column-2\"><p>z\u00e1kon \u010d. 369\/1990 Zb. o obecnom zriaden\u00ed v znen\u00ed neskor\u0161\u00edch predpisov V\u0161eobecn\u00e9 nariadenie o ochrane \u00fadajov \u010d. 2016\/679 \u010dl\u00e1nok 6, ods. 1, p\u00edsm. b) zmluva a predzmluvn\u00e9 vz\u0165ahy z\u00e1kon \u010d. 116\/1990 Zb. o n\u00e1jme a podn\u00e1jme nebytov\u00fdch priestorov v znen\u00ed neskor\u0161\u00edch predpisov z\u00e1kon \u010d. 182\/1993 Z. z. o vlastn\u00edctve bytov a nebytov\u00fdch priestoroch priestorov v znen\u00ed neskor\u0161\u00edch predpisov z\u00e1kon \u010d. 40\/1964 Zb. Ob\u010diansky z\u00e1konn\u00edk v znen\u00ed neskor\u0161\u00edch predpisov z\u00e1kon \u010d. 583\/2004 Z. z. o rozpo\u010dtov\u00fdch pravidl\u00e1ch \u00fazemnej samospr\u00e1vy v znen\u00ed \u00a0neskor\u0161\u00edch predpisov z\u00e1kon \u010d. 211\/2000 Z. z. o slobodnom pr\u00edstupe k inform\u00e1ci\u00e1m a o zmene a doplnen\u00ed niektor\u00fdch z\u00e1konov (z\u00e1kon o slobode inform\u00e1ci\u00ed) v znen\u00ed neskor\u0161\u00edch predpisov<\/p><\/td><td class=\"column-3\">Osoby uzatv\u00e1raj\u00face zmluvn\u00e9 a<br \/>\npredzmluvn\u00e9 vz\u0165ahy s prev\u00e1dzkovate\u013eom<\/td><td class=\"column-4\">5 rokov<\/td><td class=\"column-5\">Webov\u00e9 s\u00eddlo, Centr\u00e1lny register zml\u00fav<\/td><td class=\"column-6\"><p>prenos do tretej krajiny sa neuskuto\u010d\u0148uje<\/p><\/td>\n<\/tr>\n<tr class=\"row-14\">\n\t<td class=\"column-1\"><p><strong>Evidencia zml\u00fav<\/strong><\/p><\/td><td class=\"column-2\"><p>V\u0161eobecn\u00e9 nariadenie o ochrane \u00fadajov \u010d. 2016\/679 \u010dl\u00e1nok 6, ods. 1, p\u00edsm. b), z\u00e1kon \u010d. 395\/2002 Z. z. o arch\u00edvoch a registrat\u00farach a o doplnen\u00ed niektor\u00fdch z\u00e1konov, v znen\u00ed neskor\u0161\u00edch predpisov<\/p><\/td><td class=\"column-3\"><p>Osoby uzatv\u00e1raj\u00face zmluvn\u00e9 a predzmluvn\u00e9 vz\u0165ahy s prev\u00e1dzkovate\u013eom<\/p><\/td><td class=\"column-4\">5 rokov<\/td><td class=\"column-5\"><\/td><td class=\"column-6\"><p>prenos do tretej krajiny sa neuskuto\u010d\u0148uje<\/p><\/td>\n<\/tr>\n<tr class=\"row-15\">\n\t<td class=\"column-1\"><p><strong>S\u00fadne spory<\/strong><\/p><\/td><td class=\"column-2\"><p>V\u0161eobecn\u00e9 nariadenie oochrane \u00fadajov\u010d. 2016\/679 \u010dl\u00e1nok 6,ods. 1, p\u00edsm. c), Z\u00e1kon \u010d.\u010d. 160\/2015 Z. z. Civiln\u00fdsporov\u00fd poriadok,Z\u00e1kon \u010d. 161\/2015 Z. z. Civiln\u00fd mimosporov\u00fdporiadok,z\u00e1kon \u010d. 162\/2015 Z. z. Spr\u00e1vny s\u00fadny poriadok<\/p><\/td><td class=\"column-3\"><p>\u00da\u010dastn\u00edci konania<\/p><\/td><td class=\"column-4\">10 rokov<\/td><td class=\"column-5\"><p>\u00da\u010dastn\u00edci konania<\/p><\/td><td class=\"column-6\"><p>prenos do tretej krajiny sa neuskuto\u010d\u0148uje<\/p><\/td>\n<\/tr>\n<tr class=\"row-16\">\n\t<td class=\"column-1\"><p><strong>Exek\u00facie<\/strong><\/p><\/td><td class=\"column-2\"><p>V\u0161eobecn\u00e9 nariadenie o ochrane \u00fadajov \u010d. 2016\/679 \u010dl\u00e1nok 6, ods. 1, p\u00edsm. e), z\u00e1kon \u010d. 59\/2018 Z. z. o s\u00fadnych exek\u00fatoroch a exeku\u010dnej \u010dinnosti (Exeku\u010dn\u00fd poriadok)<\/p><\/td><td class=\"column-3\"><p>fyzick\u00e1 osoba - \u00fa\u010dastn\u00edk exeku\u010dn\u00e9ho konania, \u0161tatut\u00e1rny org\u00e1n alebo in\u00e1 osoba opr\u00e1vnen\u00e1 kona\u0165 v mene \u00fa\u010dastn\u00edka konania (vr\u00e1tane zamestnanca, ak je zamestn\u00e1vate\u013e povinn\u00fdm pre vykonanie exeku\u010dn\u00e9ho pr\u00edkazu)<\/p><\/td><td class=\"column-4\">10 rokov<\/td><td class=\"column-5\"><p>osoby opr\u00e1vnen\u00e9 v zmysle pr\u00edslu\u0161n\u00fdch predpisov, not\u00e1ri<\/p><\/td><td class=\"column-6\"><p>prenos do tretej krajiny sa neuskuto\u010d\u0148uje<\/p><\/td>\n<\/tr>\n<tr class=\"row-17\">\n\t<td class=\"column-1\"><p><strong>Vybavovanie uplatnen\u00fdch pr\u00e1v dotknut\u00fdch os\u00f4b pod\u013ea <\/strong><strong>z\u00e1kona \u010d. 18\/2018 Z. z. o ochrane osobn\u00fdch \u00fadajov a\u00a0o zmene a doplnen\u00ed niektor\u00fdch z\u00e1konov a\u00a0 <\/strong><strong>V\u0161eobecn\u00e9ho nariadenia Eur\u00f3pskeho parlamentu a\u00a0Rady (ES) o ochrane \u00fadajov \u010d. <\/strong><strong>2016\/679<\/strong><\/p><\/td><td class=\"column-2\"><p>V\u0161eobecn\u00e9 nariadenie o ochrane \u00fadajov \u010d. 2016\/679 Z\u00e1kon \u010d. 18\/2018 Z. z. o ochrane osobn\u00fdch \u00fadajov a o zmene a doplnen\u00ed niektor\u00fdch z\u00e1konov<\/p><\/td><td class=\"column-3\"><p>fyzick\u00e9 osoby uplat\u0148uj\u00face svoje pr\u00e1va ako dotknut\u00e9 osoby<\/p><\/td><td class=\"column-4\">5 rokov<\/td><td class=\"column-5\"><p>fyzick\u00e9 osoby uplat\u0148uj\u00face pr\u00e1va dotknut\u00fdch os\u00f4b<\/p><\/td><td class=\"column-6\"><p>prenos do tretej krajiny sa neuskuto\u010d\u0148uje<\/p><\/td>\n<\/tr>\n<tr class=\"row-18\">\n\t<td colspan=\"6\" class=\"column-1\"><p id=\"kulturno_spolocenska_agenda\"><strong>Kult\u00farno-spolo\u010densk\u00e1 agenda <\/strong><\/p><\/td>\n<\/tr>\n<tr class=\"row-19\">\n\t<td class=\"column-1\"><p><strong>Arch\u00edvne \u00fa\u010dely<\/strong><\/p><\/td><td class=\"column-2\"><p>V\u0161eobecn\u00e9 nariadenie o ochrane \u00fadajov \u010d. 2016\/679 \u010dl\u00e1nok 6, ods. 1, p\u00edsm. c) a e), \u010dl\u00e1nok 89 z\u00e1kon \u010d. 395\/2002 Z. z. o arch\u00edvoch a registrat\u00farach a o zmene a doplnen\u00ed niektor\u00fdch z\u00e1konov v znen\u00ed neskor\u0161\u00edch predpisov V\u0161eobecn\u00e9 nariadenie o ochrane \u00fadajov \u010d. 2016\/679 \u010dl\u00e1nok 9 ods. 2 p\u00edsm. j), pre osobitn\u00e9 kateg\u00f3rie osobn\u00fdch \u00fadajov<\/p><\/td><td class=\"column-3\"><p>\u017eiadatelia o pr\u00edstup k arch\u00edvnym dokumentom fyzick\u00e9 osoby, ktor\u00fdch osobn\u00e9 \u00fadaje s\u00fa s\u00fa\u010das\u0165ou registrat\u00farnych z\u00e1znamov<\/p><\/td><td class=\"column-4\"><p>Trval\u00e1 doba archiv\u00e1cie<\/p><\/td><td class=\"column-5\"><p>\u0160t\u00e1tny arch\u00edv, in\u00fd opr\u00e1vnen\u00fd org\u00e1n \u0161t\u00e1tu<\/p><\/td><td class=\"column-6\"><p>prenos do tretej krajiny sa neuskuto\u010d\u0148uje<\/p><\/td>\n<\/tr>\n<tr class=\"row-20\">\n\t<td class=\"column-1\"><p><strong>\u0160tatistick\u00e9 \u00fa\u010dely<\/strong><\/p><\/td><td class=\"column-2\"><p>13, ods. 1, p\u00edsm. c) a e) Z\u00e1kona 18\/2018 Z. z. o ochrane osobn\u00fdch \u00fadajov a o zmene a doplnen\u00ed niektor\u00fdch z\u00e1konov, z\u00e1kon \u010d. 540\/2001 Z. z. o \u0161t\u00e1tnej \u0161tatistike a o zmene a doplnen\u00ed niektor\u00fdch z\u00e1konov v znen\u00ed neskor\u0161\u00edch predpisov V\u0161eobecn\u00e9 nariadenie o ochrane \u00fadajov \u010d. 2016\/679 \u010dl\u00e1nok 89 V\u0161eobecn\u00e9 nariadenie o ochrane \u00fadajov \u010d. 2016\/679 \u010dl\u00e1nok 9 ods. 2 p\u00edsm. j), pre osobitn\u00e9 kateg\u00f3rie osobn\u00fdch \u00fadajov<\/p><\/td><td class=\"column-3\"><p>Osoby, ktor\u00fdch sa t\u00fdka \u0161tatistick\u00e9 zis\u0165ovanie<\/p><\/td><td class=\"column-4\"><p>Trval\u00e1 doba archiv\u00e1cie<\/p><\/td><td class=\"column-5\"><\/td><td class=\"column-6\"><p>prenos do tretej krajiny sa neuskuto\u010d\u0148uje<\/p><\/td>\n<\/tr>\n<tr class=\"row-21\">\n\t<td class=\"column-1\"><p><strong>Dokumentovanie spolo\u010densk\u00e9ho \u017eivota a\u00a0kult\u00farnych podujat\u00ed<\/strong><\/p><\/td><td class=\"column-2\"><p>V\u0161eobecn\u00e9 nariadenie o ochrane \u00fadajov \u010d. 2016\/679 \u010dl\u00e1nok 6, ods. 1, p\u00edsm. a) a f) V\u0161eobecn\u00e9 nariadenie o ochrane \u00fadajov \u010d. 2016\/679 \u010dl\u00e1nok 89<\/p><\/td><td class=\"column-3\"><p>Osoby podie\u013eaj\u00face sa na dokumentovan\u00ed \u017eivota v obci na webovom s\u00eddle obce<\/p><\/td><td class=\"column-4\"><!-- Shortcode [3roky-shlasu_v_pripade_6_1e] does not exist --><\/td><td class=\"column-5\">Webov\u00e9 s\u00eddlo prev\u00e1dzkovate\u013ea \u2013 zverej\u0148ovanie fotografi\u00ed a audiovizu\u00e1lneho z\u00e1znamu<\/td><td class=\"column-6\"><p>prenos do tretej krajiny sa neuskuto\u010d\u0148uje<\/p><\/td>\n<\/tr>\n<tr class=\"row-22\">\n\t<td colspan=\"6\" class=\"column-1\"><p id=\"personalna-a-mzdova-agenda\"><strong>Person\u00e1lna a mzdov\u00e1 agenda<\/strong><\/p><\/td>\n<\/tr>\n<tr class=\"row-23\">\n\t<td class=\"column-1\"><p><strong>V\u00fdber zamestnancov<\/strong><\/p><\/td><td class=\"column-2\"><p>z\u00e1kon \u010d. 311\/2001 Z. z. Z\u00e1konn\u00edk pr\u00e1ce v znen\u00ed neskor\u0161\u00edch predpisov z\u00e1kon \u010d. 552\/2003 Z. z. o v\u00fdkone pr\u00e1ce vo verejnom z\u00e1ujme v znen\u00ed neskor\u0161\u00edch predpisov<\/p><\/td><td class=\"column-3\"><p>uch\u00e1dza\u010di o zamestnanie<\/p><\/td><td class=\"column-4\">1 rok<\/td><td class=\"column-5\"><\/td><td class=\"column-6\"><p>prenos do tretej krajiny sa neuskuto\u010d\u0148uje<\/p><\/td>\n<\/tr>\n<tr class=\"row-24\">\n\t<td class=\"column-1\"><p><strong>Adapta\u010dn\u00fd proces (vzdel\u00e1vanie zamestnancov)<\/strong><\/p><\/td><td class=\"column-2\"><p>z\u00e1kon \u010d. 311\/2001 Z. z. Z\u00e1konn\u00edk pr\u00e1ce v znen\u00ed neskor\u0161\u00edch predpisov z\u00e1kon \u010d. 552\/2003 Z. z. o v\u00fdkone pr\u00e1ce vo verejnom z\u00e1ujme v znen\u00ed neskor\u0161\u00edch predpisov z\u00e1kon \u010d. 5\/2004 Z. z. o slu\u017eb\u00e1ch zamestnanosti a o zmene a doplnen\u00ed niektor\u00fdch z\u00e1konov v znen\u00ed neskor\u0161\u00edch predpisov zmluvn\u00fd vz\u0165ah<\/p><\/td><td class=\"column-3\">zamestnanci<\/td><td class=\"column-4\">5 rokov po ukon\u010den\u00ed alebo z\u00e1niku povinnosti<\/td><td class=\"column-5\"><p>MV SR,\u00a0\u00a0 in\u00e9 opr\u00e1vnen\u00e9 org\u00e1ny \u0161t\u00e1tu, ak poskytovanie \u00fadajov prebieha na z\u00e1klade pravidelnej z\u00e1konnej povinnosti<\/p><\/td><td class=\"column-6\"><p>prenos do tretej krajiny sa neuskuto\u010d\u0148uje<\/p><\/td>\n<\/tr>\n<tr class=\"row-25\">\n\t<td class=\"column-1\"><p><strong>Plnenie povinnost\u00ed zamestn\u00e1vate\u013ea\u00a0 s\u00favisiacich s pracovno-pr\u00e1vnym vz\u0165ahom a obdobn\u00fdm vz\u0165ahom (vr\u00e1tane elektronickej evidencie zamestnanca a evidencie pracovneho \u010dasu)<\/strong><\/p><\/td><td class=\"column-2\"><p>z\u00e1kon \u010d. 311\/2001 Z. z. Z\u00e1konn\u00edk pr\u00e1ce v znen\u00ed neskor\u0161\u00edch predpisov z\u00e1kon \u010d. 552\/2003 Z. z. o v\u00fdkone pr\u00e1ce vo verejnom z\u00e1ujme v znen\u00ed neskor\u0161\u00edch predpisov z\u00e1kon \u010d. 5\/2004 Z. z. o slu\u017eb\u00e1ch zamestnanosti a o zmene a doplnen\u00ed niektor\u00fdch z\u00e1konov v znen\u00ed neskor\u0161\u00edch predpisov z\u00e1kon \u010d. 553\/2003 Z. z. o odme\u0148ovan\u00ed niektor\u00fdch zamestnancov pri v\u00fdkone pr\u00e1ce vo verejnom z\u00e1ujme a o zmene a doplnen\u00ed niektor\u00fdch z\u00e1konov v znen\u00ed neskor\u0161\u00edch predpisov zmluvn\u00fd vz\u0165ah,<\/p><\/td><td class=\"column-3\"><p>uch\u00e1dza\u010di o zamestnanie, zamestnanci \u00faradu, man\u017eelia alebo man\u017eelky zamestnancov \u00faradu, vy\u017eivovan\u00e9 deti zamestnancov, rodi\u010dia vy\u017eivovan\u00fdch det\u00ed zamestnancov, bl\u00edzke osoby, b\u00fdval\u00ed zamestnanci \u00faradu<\/p><\/td><td class=\"column-4\">70 rokov (vo verejnom z\u00e1ujme)<\/td><td class=\"column-5\"><p>z\u00e1stupcovia zamestnancov, in\u00e9 opr\u00e1vnen\u00e9 org\u00e1ny \u0161t\u00e1tu, ak poskytovanie \u00fadajov prebieha na z\u00e1klade pravidelnej z\u00e1konnej povinnosti<\/p><\/td><td class=\"column-6\"><p>prenos do tretej krajiny sa neuskuto\u010d\u0148uje<\/p><\/td>\n<\/tr>\n<tr class=\"row-26\">\n\t<td class=\"column-1\"><p><strong>Plnenie povinnost\u00ed zamestn\u00e1vate\u013ea vo\u010di soci\u00e1lnej pois\u0165ovni<\/strong><\/p><\/td><td class=\"column-2\"><p>V\u0161eobecn\u00e9 nariadenie o ochrane \u00fadajov \u010d. 2016\/679 \u010dl\u00e1nok 6, ods. 1, p\u00edsm. c), z\u00e1kon \u010d. 461\/2003 Z. z. o soci\u00e1lnom poisten\u00ed v znen\u00ed neskor\u0161\u00edch predpisov z\u00e1kon \u010d. 43\/2004 Z. z. o starobnom d\u00f4chodkovom sporen\u00ed v znen\u00ed neskor\u0161\u00edch predpisov z\u00e1kon \u010d. 650\/2004 Z. z. o doplnkovom d\u00f4chodkovom sporen\u00ed a o zmene a doplnen\u00ed niektor\u00fdch z\u00e1konov v znen\u00ed neskor\u0161\u00edch predpisov z\u00e1kon \u010d. 462\/2003 Z. z. o n\u00e1hrade pr\u00edjmu pri do\u010dasnej pracovnej neschopnosti zamestnanca a o zmene a doplnen\u00ed niektor\u00fdch z\u00e1konov v znen\u00ed neskor\u0161\u00edch predpisov<\/p><\/td><td class=\"column-3\"><p>zamestnanci \u00faradu, man\u017eelia alebo man\u017eelky zamestnancov \u00faradu, vy\u017eivovan\u00e9 deti zamestnancov, rodi\u010dia vy\u017eivovan\u00fdch det\u00ed zamestnancov, bl\u00edzke osoby, b\u00fdval\u00ed zamestnanci \u00faradu<\/p><\/td><td class=\"column-4\">10 rokov<\/td><td class=\"column-5\"><p>soci\u00e1lna pois\u0165ov\u0148a<\/p><\/td><td class=\"column-6\"><p>prenos do tretej krajiny sa neuskuto\u010d\u0148uje<\/p><\/td>\n<\/tr>\n<tr class=\"row-27\">\n\t<td class=\"column-1\"><p><strong>Plnenie povinnost\u00ed zamestn\u00e1vate\u013ea vo\u010di zdravotnej pois\u0165ovni<\/strong><\/p><\/td><td class=\"column-2\"><p>V\u0161eobecn\u00e9 nariadenie o ochrane \u00fadajov \u010d. 2016\/679 \u010dl\u00e1nok 6, ods. 1, p\u00edsm. c), z\u00e1kon \u010d. 580\/2004 Z. z. o zdravotnom poisten\u00ed o zmene a doplnen\u00ed z\u00e1kona \u010d. 95\/2002 Z. z. o pois\u0165ovn\u00edctve a o zmene a doplnen\u00ed niektor\u00fdch z\u00e1konov v znen\u00ed neskor\u0161\u00edch predpisov<\/p><\/td><td class=\"column-3\"><p>zamestnanci \u00faradu, man\u017eelia alebo man\u017eelky zamestnancov \u00faradu, vy\u017eivovan\u00e9 deti zamestnancov, rodi\u010dia vy\u017eivovan\u00fdch det\u00ed zamestnancov, bl\u00edzke osoby, b\u00fdval\u00ed zamestnanci \u00faradu<\/p><\/td><td class=\"column-4\">10 rokov<\/td><td class=\"column-5\"><p>zdravotn\u00e1 pois\u0165ov\u0148a<\/p><\/td><td class=\"column-6\"><p>prenos do tretej krajiny sa neuskuto\u010d\u0148uje<\/p><\/td>\n<\/tr>\n<tr class=\"row-28\">\n\t<td class=\"column-1\"><p><strong>Kolekt\u00edvne pracovnopr\u00e1vne vz\u0165ahy<\/strong><\/p><\/td><td class=\"column-2\"><p>V\u0161eobecn\u00e9 nariadenie o ochrane \u00fadajov \u010d. 2016\/679 \u010dl\u00e1nok 6, ods. 1, p\u00edsm. c), z\u00e1kon \u010d. 152\/1994 Z. z. o soci\u00e1lnom fonde a o zmene a doplnen\u00ed z\u00e1kona \u010d. 595\/2003 Zb. o dani z pr\u00edjmov v znen\u00ed neskor\u0161\u00edch predpisov \u00a7 229 a\u017e \u00a7 250 a z\u00e1kona \u010d.311\/2001 Z. z. Z\u00e1konn\u00edk pr\u00e1ce v znen\u00ed neskor\u0161\u00edch predpisov, Kolekt\u00edvna zmluva<\/p><\/td><td class=\"column-3\"><p>zamestnanci \u00faradu<\/p><\/td><td class=\"column-4\">10 rokov<\/td><td class=\"column-5\"><p>z\u00e1stupcovia zamestnancov, zamestnanci, rodinn\u00ed pr\u00edslu\u0161n\u00edci zamestnancov<\/p><\/td><td class=\"column-6\"><p>prenos do tretej krajiny sa neuskuto\u010d\u0148uje<\/p><\/td>\n<\/tr>\n<tr class=\"row-29\">\n\t<td class=\"column-1\"><p><strong>Plnenie povinnost\u00ed zamestn\u00e1vate\u013ea na \u00faseku bezpe\u010dnosti a ochrany zdravia, zabezpe\u010denie \u00faloh s\u00favisiacich so zamedzen\u00edm \u0161\u00edrenia ochorenia COVID-19 (p\u00edsomn\u00e9 vyhl\u00e1senie n\u00e1v\u0161tevn\u00edka o bezpr\u00edznakovosti)<\/strong><\/p><\/td><td class=\"column-2\"><p>V\u0161eobecn\u00e9 nariadenie o ochrane \u00fadajov \u010d. 2016\/679 \u010dl\u00e1nok 6, ods. 1, p\u00edsm. c), z\u00e1kon \u010d. 124\/2006 Z. z. o bezpe\u010dnosti a ochrane zdravia pri pr\u00e1ce a o zmene a doplnen\u00ed niektor\u00fdch z\u00e1konov v znen\u00ed neskor\u0161\u00edch predpisov z\u00e1kon \u010d. 355\/2007 Z. z. o ochrane, podpore a rozvoji verejn\u00e9ho zdravia a o zmene a doplnen\u00ed niektor\u00fdch z\u00e1konov v znen\u00ed neskor\u0161\u00edch predpisov<\/p>\r\n<p>Covid-19<\/p>\r\n<p>V\u0161eobecn\u00e9 nariadenie o ochrane \u00fadajov \u010d. 2016\/679 \u010dl\u00e1nok 6, ods. 1, p\u00edsm. c) v spojen\u00ed s \u00a713, ods. 1, p\u00edsm. c) Z\u00e1kona o ochrane osobn\u00fdch \u00fadajov, V\u0161eobecn\u00e9 nariadenie o ochrane \u00fadajov \u010d. 2016\/679 \u010dl\u00e1nok 9, ods. 2, p\u00edsm. g) v spojen\u00ed s \u00a716, ods. 2, p\u00edsm. g) Z\u00e1kona o ochrane osobn\u00fdch \u00fadajov, Z\u00e1kon \u010d. 42\/1994 Z. z. o civilnej ochrane obyvate\u013estva, Z\u00e1kon \u010d. 355\/2007 Z. z. o ochrane, podpore a rozvoji verejn\u00e9ho zravia a o zmene a doplnen\u00ed niektor\u00fdch z\u00e1konov, \u00dastavn\u00fd z\u00e1kon \u010d. 227\/2002 Z. z. o bezpe\u010dnosti \u0161t\u00e1tu v \u010dase vojny, vojnov\u00e9ho stavu, v\u00fdnimo\u010dn\u00e9ho stavu a n\u00fadzoveho stavu v znen\u00ed neskor\u0161\u00edch predpisov, \u00a7 250b, ods. 6 a ods. 7 Z\u00e1kona \u010d. 311\/2001 Z. z. z\u00e1konn\u00edk pr\u00e1ce, \u00a7 152 p\u00edsm. c) z\u00e1kona \u010d. 245\/2008 Z. z. o v\u00fdchove a vzdel\u00e1van\u00ed (\u0161kolsk\u00fd z\u00e1kon) v znen\u00ed neskor\u0161\u00edch predpisov<\/p><\/td><td class=\"column-3\"><p>zamestnanci \u00faradu<\/p><\/td><td class=\"column-4\">5 rokov po ukon\u010den\u00ed alebo z\u00e1niku povinnosti<\/td><td class=\"column-5\"><p>\u0161koliaci subjekt, zamestn\u00e1vate\u013e, technik BOZP, in\u00fd opr\u00e1vnen\u00fd org\u00e1n \u0161t\u00e1tu<\/p><\/td><td class=\"column-6\"><p>prenos do tretej krajiny sa neuskuto\u010d\u0148uje<\/p><\/td>\n<\/tr>\n<tr class=\"row-30\">\n\t<td class=\"column-1\"><p><strong>Brann\u00e1 povinnos\u0165<\/strong><\/p><\/td><td class=\"column-2\"><p>V\u0161eobecn\u00e9 nariadenie o ochrane \u00fadajov \u010d. 2016\/679 \u010dl\u00e1nok 6, ods. 1, p\u00edsm. c), z\u00e1kon \u010d. 570\/2005 Z. z. o brannej povinnosti a o zmene a doplnen\u00ed niektor\u00fdch z\u00e1konov v znen\u00ed neskor\u0161\u00edch predpisov<\/p><\/td><td class=\"column-3\"><p>zamestnanci \u00faradu<\/p><\/td><td class=\"column-4\">50 rokov po ukon\u010den\u00ed alebo z\u00e1niku povinnosti<\/td><td class=\"column-5\"><p>Okresn\u00fd \u00farad, in\u00fd opr\u00e1vnen\u00fd org\u00e1n \u0161t\u00e1tu<\/p><\/td><td class=\"column-6\"><p>prenos do tretej krajiny sa neuskuto\u010d\u0148uje<\/p><\/td>\n<\/tr>\n<tr class=\"row-31\">\n\t<td class=\"column-1\"><p><strong>Plnenie da\u0148ov\u00fdch povinnost\u00ed<\/strong><\/p><\/td><td class=\"column-2\"><p>z\u00e1kon \u010d.595\/2003 Z. z. o dani z pr\u00edjmov v znen\u00ed neskor\u0161\u00edch predpisov<\/p><\/td><td class=\"column-3\"><p>zamestnanci \u00faradu<\/p><\/td><td class=\"column-4\">10 rokov<\/td><td class=\"column-5\"><p>da\u0148ov\u00fd \u00farad<\/p><\/td><td class=\"column-6\"><p>prenos do tretej krajiny sa neuskuto\u010d\u0148uje<\/p><\/td>\n<\/tr>\n<tr class=\"row-32\">\n\t<td class=\"column-1\"><p><strong>Mzdov\u00e1 politika zamestn\u00e1vate\u013ea<\/strong><\/p><\/td><td class=\"column-2\"><p>V\u0161eobecn\u00e9 nariadenie o ochrane \u00fadajov \u010d. 2016\/679 \u010dl\u00e1nok 6, ods. 1, p\u00edsm. c), z\u00e1kon \u010d. 311\/2001 Z. z. Z\u00e1konn\u00edk pr\u00e1ce v znen\u00ed neskor\u0161\u00edch predpisov, z\u00e1kon \u010d. 552\/2003 Z. z. o v\u00fdkone pr\u00e1ce vo verejnom z\u00e1ujme v znen\u00ed neskor\u0161\u00edch predpisov, z\u00e1kon \u010d. 553\/2003 Z. z. o odme\u0148ovan\u00ed niektor\u00fdch zamestnancov pri v\u00fdkone pr\u00e1ce vo verejnom z\u00e1ujme a o zmene a doplnen\u00ed niektor\u00fdch z\u00e1konov v znen\u00ed neskor\u0161\u00edch predpisov, z\u00e1kon \u010d. 580\/2004 Z. z. o zdravotnom poisten\u00ed o zmene a doplnen\u00ed z\u00e1kona \u010d. 95\/2002 Z. z. o pois\u0165ovn\u00edctve a o zmene a doplnen\u00ed niektor\u00fdch z\u00e1konov v znen\u00ed neskor\u0161\u00edch predpisov, z\u00e1kon \u010d. 461\/2003 Z. z. o soci\u00e1lnom poisten\u00ed v znen\u00ed neskor\u0161\u00edch predpisov, z\u00e1kon \u010d. 595\/2003 Z. z. o dani z pr\u00edjmov v znen\u00ed neskor\u0161\u00edch predpisov, z\u00e1kon \u010d. 43\/2004 Z. z. o starobnom d\u00f4chodkovom sporen\u00ed v znen\u00ed neskor\u0161\u00edch predpisov, z\u00e1kon \u010d. 650\/2004 Z. z. o doplnkovom d\u00f4chodkovom sporen\u00ed a o zmene a doplnen\u00ed niektor\u00fdch z\u00e1konov v znen\u00ed neskor\u0161\u00edch predpisov z\u00e1kon \u010d. 5\/2004 Z. z. o slu\u017eb\u00e1ch zamestnanosti a o zmene a doplnen\u00ed niektor\u00fdch z\u00e1konov v znen\u00ed neskor\u0161\u00edch predpisov, z\u00e1kon \u010d. 462\/2003 Z. z. o n\u00e1hrade pr\u00edjmu pri do\u010dasnej pracovnej neschopnosti zamestnanca a o zmene a doplnen\u00ed niektor\u00fdch z\u00e1konov v znen\u00ed neskor\u0161\u00edch predpisov, z\u00e1kon \u010d. 152\/1994 Z. z. o soci\u00e1lnom fonde a o zmene a doplnen\u00ed z\u00e1kona \u010d. 595\/2003 Zb. o dani z pr\u00edjmov v znen\u00ed neskor\u0161\u00edch predpisov<\/p><\/td><td class=\"column-3\"><p>zamestnanci \u00faradu, vy\u017eivovan\u00e9 deti zamestnancov, b\u00fdval\u00ed zamestnanci<\/p><\/td><td class=\"column-4\">50 rokov<\/td><td class=\"column-5\"><p>Zdravotn\u00e9 pois\u0165ovne, soci\u00e1lna pois\u0165ov\u0148a, da\u0148ov\u00fd \u00farad, DDS,<\/p><\/td><td class=\"column-6\"><p>prenos do tretej krajiny sa neuskuto\u010d\u0148uje<\/p><\/td>\n<\/tr>\n<tr class=\"row-33\">\n\t<td colspan=\"6\" class=\"column-1\"><p id=\"agenda_socialnej_starostlivosti\"><strong>Agenda soci\u00e1lnej starostlivosti<\/strong><\/p><\/td>\n<\/tr>\n<tr class=\"row-34\">\n\t<td class=\"column-1\">Poskytovanie soci\u00e1lnej slu\u017eby <\/td><td class=\"column-2\"><p>V\u0161eobecn\u00e9 nariadenie o ochrane \u00fadajov \u010d. 2016\/679 \u010dl\u00e1nok 6, ods. 1, p\u00edsm. c) a e), V\u0161eobecn\u00e9 nariadenie o ochrane \u00fadajov \u010d. 2016\/679 \u010dl\u00e1nok 6, ods. 1, p\u00edsm. b) \u2013 zmluvn\u00fd vz\u0165ah z\u00e1kon \u010d. 448\/2008 Z. z. o soci\u00e1lnych slu\u017eb\u00e1ch a o zmene a doplnen\u00ed z\u00e1kona \u010d. 455\/1991 Zb. o \u017eivnostenskom podnikan\u00ed v znen\u00ed neskor\u0161\u00edch predpisov<\/p><\/td><td class=\"column-3\"><p>Prij\u00edmatelia soci\u00e1lnych slu\u017eieb, rodinn\u00ed pr\u00edslu\u0161n\u00edci \u017eiadate\u013eov<\/p><\/td><td class=\"column-4\">10 rokov<\/td><td class=\"column-5\">Posudkov\u00fd lek\u00e1r, Samospr\u00e1vny kraj,<\/td><td class=\"column-6\"><p>prenos do tretej krajiny sa neuskuto\u010d\u0148uje<\/p><\/td>\n<\/tr>\n<tr class=\"row-35\">\n\t<td class=\"column-1\"><p><strong>Poskytovanie zdravotnej starostlivosti<\/strong><\/p><\/td><td class=\"column-2\"><p>V\u0161eobecn\u00e9 nariadenie o ochrane \u00fadajov \u010d. 2016\/679 \u010dl\u00e1nok 6, ods. 1, p\u00edsm. c) a e), V\u0161eobecn\u00e9 nariadenie o ochrane \u00fadajov \u010d. 2016\/679 \u010dl\u00e1nok 6, ods. 1, p\u00edsm. b) \u2013 zmluvn\u00fd vz\u0165ah z\u00e1kon \u010d. 576\/2004 Z. z. o zdravotnej starostlivosti, slu\u017eb\u00e1ch s\u00favisiacich s poskytovan\u00edm zdravotnej starostlivosti a o zmene a doplnen\u00ed niektor\u00fdch z\u00e1konov z\u00e1kon \u010d. 448\/2008 Z. z. o soci\u00e1lnych slu\u017eb\u00e1ch a o zmene a doplnen\u00ed z\u00e1kona \u010d. 455\/1991 Zb. o \u017eivnostenskom podnikan\u00ed v znen\u00ed neskor\u0161\u00edch predpisov<\/p><\/td><td class=\"column-3\"><p>Prij\u00edmatelia soci\u00e1lnych slu\u017eieb<\/p><\/td><td class=\"column-4\">20 rokov<\/td><td class=\"column-5\">Zdravotn\u00edcke zariadenia<\/td><td class=\"column-6\"><p>prenos do tretej krajiny sa neuskuto\u010d\u0148uje<\/p><\/td>\n<\/tr>\n<tr class=\"row-36\">\n\t<td class=\"column-1\"><p><strong>Osobitn\u00fd pr\u00edjemca<\/strong><strong> (Poskytovanie d\u00e1vky v hmotnej n\u00fadzi a poskytovanie pr\u00edspevku na die\u0165a prostredn\u00edctvom osobitn\u00e9ho pr\u00edjemcu.)<\/strong><\/p><\/td><td class=\"column-2\"><p>\u010dl\u00e1nok 6, ods. 1, p\u00edsm. c) a e) V\u0161eobecn\u00e9ho nariadenia o ochrane \u00fadajov z\u00e1kon \u010d. 369\/1990 Z. z. o obecnom zriaden\u00ed v znen\u00ed neskor\u0161\u00edch predpisov z\u00e1kon \u010d. 600\/2003 Z. z. o pr\u00eddavku na die\u0165a v znen\u00ed neskor\u0161\u00edch predpisov z\u00e1kon \u010d. 417\/2013 Z. z. o pomoci v hmotnej n\u00fadzi a o zmene a doplnen\u00ed niektor\u00fdch z\u00e1konov<\/p><\/td><td class=\"column-3\">[sc name=\"fo_rodicia\"<\/td><td class=\"column-4\">5 rokov<\/td><td class=\"column-5\"><p>UPSVaR SR<\/p><\/td><td class=\"column-6\"><p>prenos do tretej krajiny sa neuskuto\u010d\u0148uje<\/p><\/td>\n<\/tr>\n<tr class=\"row-37\">\n\t<td class=\"column-1\"><p><strong>Soci\u00e1lno-pr\u00e1vna ochrana det\u00ed a\u00a0soci\u00e1lna kuratela<\/strong><strong> (Ochrana pr\u00e1v a pr\u00e1vom chr\u00e1nen\u00fdch z\u00e1ujmov die\u0165a\u0165a opatreniami soci\u00e1lnopr\u00e1vnej ochrany det\u00ed a soci\u00e1lnej kurately.)<\/strong><\/p><\/td><td class=\"column-2\"><p>\u010dl\u00e1nok 6, ods. 1, p\u00edsm. c) a e) V\u0161eobecn\u00e9ho nariadenia o ochrane \u00fadajov z\u00e1kon \u010d. 369\/1990 Z. z. o obecnom zriaden\u00ed v znen\u00ed neskor\u0161\u00edch predpisov z\u00e1kon \u010d. 305\/2005 Z. z. o soci\u00e1lnej ochrane det\u00ed a o soci\u00e1lnej kuratele v znen\u00ed neskor\u0161\u00edch predpisov, z\u00e1kon \u010d. 219\/1996 Z. z. o\u00a0ochrane pred zneu\u017e\u00edvan\u00edm alkoholick\u00fdch n\u00e1pojov a\u00a0o\u00a0zria\u010fovan\u00ed a\u00a0prev\u00e1dzke protialkoholick\u00fdch z\u00e1chytn\u00fdch izieb<\/p><\/td><td class=\"column-3\"><p>FO \u2013 rodi\u010dia a deti, ktor\u00fdm bolo nariaden\u00e9 opatrenie<\/p><\/td><td class=\"column-4\">10 rokov<\/td><td class=\"column-5\"><p>UPSVaR SR<\/p><\/td><td class=\"column-6\"><p>prenos do tretej krajiny sa neuskuto\u010d\u0148uje<\/p><\/td>\n<\/tr>\n<tr class=\"row-38\">\n\t<td class=\"column-1\"><p><strong>Evidencia prij\u00edmate\u013eov soci\u00e1lnej slu\u017eby (Vedenie evidencie \u017eiadate\u013eov o poskytnutie soci\u00e1lnej slu\u017eby (DSS).)<\/strong><\/p><\/td><td class=\"column-2\"><p>V\u0161eobecn\u00e9 nariadenie o ochrane \u00fadajov \u010d. 2016\/679 \u010dl\u00e1nok 6, ods. 1, p\u00edsm. c) a e) z\u00e1kon \u010d. 369\/1990 Zb. o obecnom zriaden\u00ed v znen\u00ed neskor\u0161\u00edch predpisov z\u00e1kon \u010d. 448\/2008 Z. z. o soci\u00e1lnych slu\u017eb\u00e1ch a o zmene a doplnen\u00ed z\u00e1kona \u010d. 455\/1991 Zb. o \u017eivnostenskom podnikan\u00ed v znen\u00ed neskor\u0161\u00edch predpisov<\/p><\/td><td class=\"column-3\"><p>\u017diadatelia<\/p><\/td><td class=\"column-4\">10 rokov<\/td><td class=\"column-5\"><p>Zariadenie soci\u00e1lnych slu\u017eieb<\/p><\/td><td class=\"column-6\"><p>prenos do tretej krajiny sa neuskuto\u010d\u0148uje<\/p><\/td>\n<\/tr>\n<tr class=\"row-39\">\n\t<td class=\"column-1\"><p><strong>Z\u00e1konn\u00fd opatrovn\u00edk a procesn\u00fd opatrovn\u00edk\u00a0<\/strong><strong>(Zastupovanie fyzickej osoby v konaniach pred s\u00fadom a in\u00fdmi org\u00e1nmi \u0161t\u00e1tu.)<\/strong><\/p><\/td><td class=\"column-2\"><p>V\u0161eobecn\u00e9 nariadenie o ochrane \u00fadajov \u010d. 2016\/679 \u010dl\u00e1nok 6, ods. 1, p\u00edsm. c) a e) z\u00e1kon \u010d. 369\/1990 Zb. o obecnom zriaden\u00ed v znen\u00ed neskor\u0161\u00edch predpisov z\u00e1kon \u010d. 40\/1964 Zb.\u00a0 v znen\u00ed neskor\u0161\u00edch predpisov z\u00e1kon \u010d. 160\/2015 Z. z. civiln\u00fd sporov\u00fd poriadok<\/p><\/td><td class=\"column-3\"><p>fyzick\u00e1 osoba, ktorej s\u00fad ustanovil za opatrovn\u00edka org\u00e1n miestnej spr\u00e1vy osoby, o ktor\u00fdch sa rozhoduje v konan\u00ed pred s\u00fadom (napr. pri obmedzen\u00ed v sp\u00f4sobilosti na pr\u00e1vne \u00fakony sa)<\/p><\/td><td class=\"column-4\">10 rokov<\/td><td class=\"column-5\"><p>S\u00fady SR a\u00a0in\u00e9 opr\u00e1vnen\u00e9 org\u00e1ny \u0161t\u00e1tu<\/p><\/td><td class=\"column-6\"><p>prenos do tretej krajiny sa neuskuto\u010d\u0148uje<\/p><\/td>\n<\/tr>\n<tr class=\"row-40\">\n\t<td colspan=\"6\" class=\"column-1\"><p id=\"vseobecna_agenda\"><strong>V\u0161eobecn\u00e1 agenda<\/strong><\/p><\/td>\n<\/tr>\n<tr class=\"row-41\">\n\t<td class=\"column-1\"><p><strong>Verejn\u00e9 obstar\u00e1vanie (Zad\u00e1vanie z\u00e1kaziek na dodanie tovaru, z\u00e1kaziek na uskuto\u010dnenie stavebn\u00fdch pr\u00e1c, z\u00e1kaziek na poskytnutie slu\u017eieb, s\u00fa\u0165a\u017e n\u00e1vrhov, zad\u00e1vanie koncesi\u00ed na stavebn\u00e9 pr\u00e1ce, zad\u00e1vanie koncesi\u00ed na slu\u017eby a spr\u00e1vu vo verejnom obstar\u00e1van\u00ed.)<\/strong><\/p><\/td><td class=\"column-2\"><p>V\u0161eobecn\u00e9 nariadenie oochrane \u00fadajov\u010d. 2016\/679 \u010dl\u00e1nok 6,ods. 1, p\u00edsm. c) a e), Z\u00e1kon\u010d. 343\/2015 Z. z. overejnom obstar\u00e1van\u00edv znen\u00ed neskor\u0161\u00edchpredpisov<\/p><\/td><td class=\"column-3\"><p>Fyzick\u00e1 osoba \u017eiadate\u013e, \u0161tatut\u00e1rny z\u00e1stupca oznamovate\u013ea<\/p><\/td><td class=\"column-4\">10 rokov<\/td><td class=\"column-5\"><p>O\u010cTK, in\u00fd opr\u00e1vnen\u00fd org\u00e1n \u0161t\u00e1tu<\/p><\/td><td class=\"column-6\"><p>prenos do tretej krajiny sa neuskuto\u010d\u0148uje<\/p><\/td>\n<\/tr>\n<tr class=\"row-42\">\n\t<td class=\"column-1\"><p><strong>Spracovanie \u00fa\u010dtovn\u00fdch dokladov (Vedenie \u00fa\u010dtovn\u00edctva)<\/strong><\/p><\/td><td class=\"column-2\"><p>V\u0161eobecn\u00e9 nariadenie o ochrane \u00fadajov \u010d. 2016\/679 \u010dl\u00e1nok 6, ods. 1, p\u00edsm. c) a e), z\u00e1kon \u010d. 431\/2002 Z. z. o \u00fa\u010dtovn\u00edctve v znen\u00ed neskor\u0161\u00edch predpisov, z\u00e1kon \u010d. 222\/2004 Z. z. o dani z pridanej hodnoty v znen\u00ed neskor\u0161\u00edch predpisov, z\u00e1kon \u010d. 145\/1995 Z. z. o spr\u00e1vnych poplatkoch v znen\u00ed neskor\u0161\u00edch predpisov, z\u00e1kon \u010d. 40\/1964 Zb. Ob\u010diansky z\u00e1konn\u00edk v znen\u00ed neskor\u0161\u00edch predpisov, z\u00e1kon \u010d. 152\/1994 Z. z. o soci\u00e1lnom fonde a o zmene a doplnen\u00ed z\u00e1kona \u010d. 286\/1992 Zb. o daniach z pr\u00edjmov v znen\u00ed neskor\u0161\u00edch predpisov, z\u00e1kon \u010d. 311\/2001 Z. z. Z\u00e1konn\u00edk pr\u00e1ce v znen\u00ed neskor\u0161\u00edch predpisov, z\u00e1kon \u010d. 583\/2004 Z. z. o rozpo\u010dtov\u00fdch pravidl\u00e1ch \u00fazemnej samospr\u00e1vy v znen\u00ed neskor\u0161\u00edch predpisov, z\u00e1kon \u010d. 278\/1993 Z. z. o spr\u00e1ve majetku \u0161t\u00e1tu v znen\u00ed neskor\u0161\u00edch predpisov,\u00a0 Z\u00e1kon \u010d. 480\/2002 Z. z. o azyle a o zmene a doplnen\u00ed niektor\u00fdch z\u00e1konov<\/p><\/td><td class=\"column-3\"><p>zamestnanci, zamestnanci dod\u00e1vate\u013eov tovaru a slu\u017eieb, fyzick\u00e9 osoby, ktor\u00fdm vznikla povinnos\u0165 uhradi\u0165 spr\u00e1vny poplatok, fyzick\u00e9 osoby, ktor\u00fdm boli ulo\u017een\u00e9 sankcie<\/p><\/td><td class=\"column-4\">10 rokov<\/td><td class=\"column-5\"><p>da\u0148ov\u00fd \u00farad, in\u00fd opr\u00e1vnen\u00fd subjekt<\/p><\/td><td class=\"column-6\"><p>prenos do tretej krajiny sa neuskuto\u010d\u0148uje<\/p><\/td>\n<\/tr>\n<\/tbody>\n<\/table>\n<!-- #tablepress-893 from cache -->\n\n\n\n<h2 id=\"uchadzaci\">Vyhl\u00e1senie o&nbsp;sprac\u00favan\u00ed osobn\u00fdch \u00fadajov<\/h2>\n\n\n\n<h3 class=\"wp-block-heading\"><h3>(uch\u00e1dza\u010di o zamestnanie)<\/h3>\r\n<p class=\"p1\">V\u00a0s\u00falade s Nariaden\u00edm a\u00a0Z\u00e1konom o\u00a0ochrane osobn\u00fdch \u00fadajov, Prev\u00e1dzkovate\u013e sprac\u00fava Va\u0161e osobn\u00e9 \u00fadaje s\u00a0cie\u013eom realiz\u00e1cie bud\u00facich pracovnopr\u00e1vnych vz\u0165ahov.<\/p>\r\n<p class=\"p1\">Pre \u00fa\u010dely tohto vyhl\u00e1senia sa za uch\u00e1dza\u010da o\u00a0zamestnanie pova\u017euje ka\u017ed\u00e1 osoba, ktor\u00e1 sa prihl\u00e1sila do v\u00fdberu vhodn\u00fdch uch\u00e1dza\u010dov o\u00a0zamestnanie, vr\u00e1tane v\u00fdkonu pr\u00e1ce vo verejnom z\u00e1ujme (\u010falej len \u201ezamestnanie\u201c) vyhl\u00e1sen\u00e9ho Prev\u00e1dzkovate\u013eom alebo priamo Prev\u00e1dzkovate\u013eovi (bez vyhl\u00e1sen\u00e9ho v\u00fdberu) p\u00edsomnou formou, elektronickou formou prostredn\u00edctvom niektor\u00e9ho z\u00a0inzertn\u00fdch port\u00e1lov alebo emailom. Toto vyhl\u00e1senie vysvet\u013euje, ako budeme pou\u017e\u00edva\u0165 Va\u0161e osobn\u00e9 \u00fadaje z\u00edskan\u00e9 priamo od V\u00e1s v\u00a0priebehu v\u00fdberu vhodn\u00e9ho uch\u00e1dza\u010da a\u017e do jeho ukon\u010denia.<span class=\"Apple-converted-space\">\u00a0<\/span><\/p>\r\n<p class=\"p1\">Pri sprac\u00favan\u00ed osobn\u00fdch \u00fadajov Prev\u00e1dzkovate\u013eom ste dotknutou osobou, t. j. osobou o\u00a0ktorej s\u00fa sprac\u00favan\u00e9 osobn\u00e9 \u00fadaje, ktor\u00e9 sa jej t\u00fdkaj\u00fa.<\/p>\r\n<p class=\"p1\">V\u00e1\u017een\u00fd uch\u00e1dza\u010d,<\/p>\r\n<p class=\"p1\">Va\u0161e osobn\u00e9 \u00fadaje sprac\u00fava Prev\u00e1dzkovate\u013e s\u00a0cie\u013eom zabezpe\u010denia realiz\u00e1cie bud\u00facich pracovnopr\u00e1vnych vz\u0165ahov. Va\u0161e osobn\u00e9 \u00fadaje sprac\u00fava Prev\u00e1dzkovate\u013e len na z\u00e1klade z\u00e1konn\u00fdch podmienok (opr\u00e1vnenia na sprac\u00favanie osobn\u00fdch \u00fadajov), ktor\u00e9 vypl\u00fdvaj\u00fa z\u00a0Nariadenia, Z\u00e1kona o\u00a0ochrane osobn\u00fdch \u00fadajov alebo in\u00fdch osobitn\u00fdch predpisov (napr\u00edklad Z\u00e1konn\u00edk pr\u00e1ce, Z\u00e1kon o\u00a0v\u00fdkone pr\u00e1ce vo verejnom z\u00e1ujme). Ako prev\u00e1dzkovate\u013e m\u00e1me z\u00e1konn\u00fa povinnos\u0165 poskytn\u00fa\u0165 Va\u0161e osobn\u00e9 \u00fadaje pri kontrole, dozornej \u010dinnosti alebo na \u017eiados\u0165 opr\u00e1vnen\u00fdch org\u00e1nov \u0161t\u00e1tu alebo in\u0161tit\u00faci\u00ed, ak to vypl\u00fdva z\u00a0osobitn\u00fdch predpisov.<span class=\"Apple-converted-space\">\u00a0<\/span><\/p>\r\n<p class=\"p1\">Va\u0161e osobn\u00e9 \u00fadaje m\u00f4\u017eeme zdie\u013ea\u0165 s tret\u00edmi stranami, ktor\u00e9 konaj\u00fa v\u00a0na\u0161om mene, napr\u00edklad s\u00a0dod\u00e1vate\u013emi niektor\u00fdch slu\u017eieb pre Prev\u00e1dzkovate\u013ea - sprostredkovate\u013emi (napr. zmluvn\u00e1 SBS slu\u017eba a\u00a0pod.). V\u00a0tak\u00fdchto pr\u00edpadoch m\u00f4\u017eu tieto tretie strany pou\u017e\u00edva\u0165 Va\u0161e osobn\u00e9 \u00fadaje len na op\u00edsan\u00e9 \u00fa\u010dely a\u00a0iba v\u00a0s\u00falade s\u00a0na\u0161imi pokynmi, a\u00a0na z\u00e1klade uzatvorenej zmluvy o\u00a0sprostredkovan\u00ed.<\/p>\r\n<p class=\"p1\">Va\u0161e osobn\u00e9 \u00fadaje s\u00fa uchov\u00e1van\u00e9 bezpe\u010dne, v\u00a0s\u00falade s\u00a0bezpe\u010dnostnou politikou prev\u00e1dzkovate\u013ea a\u00a0sprostredkovate\u013ea a\u00a0len po dobu nevyhnutn\u00fa na splnenie \u00fa\u010delu sprac\u00favania. Pr\u00edstup k\u00a0Va\u0161im osobn\u00fdm \u00fadajom maj\u00fa v\u00a0s\u00falade s\u00a0bezpe\u010dnostnou politikou prev\u00e1dzkovate\u013ea iba osoby poveren\u00e9 prev\u00e1dzkovate\u013eom na sprac\u00favanie osobn\u00fdch \u00fadajov.<\/p>\r\n<p class=\"p1\">I.<span class=\"Apple-converted-space\">\u00a0 <\/span>UCHOV\u00c1VANIE OSOBN\u00ddCH \u00daDAJOV<\/p>\r\n<p class=\"p1\">Va\u0161e osobn\u00e9 \u00fadaje s\u00fa z\u00e1lohovan\u00e9, v\u00a0s\u00falade s\u00a0reten\u010dn\u00fdmi pravidlami prev\u00e1dzkovate\u013ea. Zo z\u00e1lohov\u00fdch \u00falo\u017e\u00edsk bud\u00fa Va\u0161e osobn\u00fa \u00fadaje \u00faplne vymazan\u00e9 hne\u010f, ako v\u00a0s\u00falade s\u00a0pravidlami z\u00e1lohovania uveden\u00e9 bude mo\u017en\u00e9. Osobn\u00e9 \u00fadaje uchov\u00e1van\u00e9 na z\u00e1lo\u017en\u00fdch \u00falo\u017eisk\u00e1ch sl\u00fa\u017eia najm\u00e4 k\u00a0zabezpe\u010deniu ich dostupnosti v\u00a0pr\u00edpade potencion\u00e1lneho bezpe\u010dnostn\u00e9ho incidentu (naru\u0161enie integrity, d\u00f4vernosti alebo dostupnosti osobn\u00fdch \u00fadajov). Prev\u00e1dzkovate\u013e je povinn\u00fd zabezpe\u010dova\u0165 z\u00e1lohovanie \u00fadajov v\u00a0s\u00falade s\u00a0bezpe\u010dnostn\u00fdmi po\u017eiadavkami Nariadenia a\u00a0Z\u00e1kona o\u00a0ochrane osobn\u00fdch \u00fadajov.<span class=\"Apple-converted-space\">\u00a0<\/span><\/p>\r\n<p class=\"p1\">Va\u0161e osobn\u00e9 \u00fadaje uchov\u00e1vame len na obmedzen\u00fd \u010das, pri\u010dom k\u00a0ich vymazaniu d\u00f4jde, ke\u010f u\u017e nebud\u00fa potrebn\u00e9 na \u00fa\u010dely sprac\u00favania ako s\u00fa uveden\u00e9 v\u00a0tomto vyhl\u00e1sen\u00ed. To znamen\u00e1, \u017ee Va\u0161e \u00fadaje uchov\u00e1me 1 rok od ukon\u010denia v\u00fdberu vhodn\u00e9ho uch\u00e1dza\u010da, v\u00a0pr\u00edpade, \u017ee ste zaraden\u00fd do datab\u00e1zy vhodn\u00fdch uch\u00e1dza\u010dov Va\u0161e osobn\u00e9 \u00fadaje uchov\u00e1vame po\u010das trvania obojstrann\u00e9ho z\u00e1ujmu. V\u00a0pr\u00edpade, \u017ee sa stanete na\u0161im zamestnancom, o\u00a0\u010fal\u0161om sprac\u00favan\u00ed Va\u0161ich osobn\u00fdch \u00fadajov budete vhodn\u00fdm sp\u00f4sobom informovan\u00fd e\u0161te pred prijat\u00edm do zamestnania. Va\u0161e osobn\u00e9 \u00fadaje m\u00f4\u017eeme sprac\u00fava\u0165 po dlh\u0161iu dobu po ukon\u010den\u00ed v\u00fdberu v pr\u00edpade uplat\u0148ovania pr\u00e1vnych n\u00e1rokov Prev\u00e1dzkovate\u013ea.<\/p>\r\n<p class=\"p1\">II. \u00da\u010cELY SPRAC\u00daVANIA<\/p>\r\n<p class=\"p2\">Va\u0161e osobn\u00e9 \u00fadaje Prev\u00e1dzkovate\u013e sprac\u00fava na \u00fa\u010del realiz\u00e1cie v\u00fdberu vhodn\u00e9ho uch\u00e1dza\u010da na z\u00e1klade opr\u00e1vnenia, ktor\u00fdm je zmluvn\u00fd a\u00a0predzmluvn\u00fd vz\u0165ah, ktor\u00e9ho ste ako dotknut\u00e1 osoba jednou zo zmluvn\u00fdch str\u00e1n, v\u00a0spojen\u00ed so z\u00e1konom \u010d. 311\/2001 Z. z. Z\u00e1konn\u00edk pr\u00e1ce v znen\u00ed neskor\u0161\u00edch predpisov, a\u00a0z\u00e1konom \u010d.\u00a0552\/2003\u00a0Z.\u00a0z. o\u00a0v\u00fdkone pr\u00e1ce vo verejnom z\u00e1ujme v\u00a0znen\u00ed neskor\u0161\u00edch predpisov. Neposkytnutie osobn\u00fdch \u00fadajov nevyhnutn\u00fdch pre realiz\u00e1ciu v\u00fdberu vhodn\u00e9ho uch\u00e1dza\u010da m\u00f4\u017ee ma\u0165 za n\u00e1sledok nevykonanie v\u00fdberu, nemo\u017enos\u0165 pos\u00fadenia schopnost\u00ed a\u00a0kval\u00edt uch\u00e1dza\u010da. V\u00a0pr\u00edpade \u00faspe\u0161ne absolvovan\u00e9ho v\u00fdberu bud\u00fa Va\u0161e osobn\u00e9 \u00fadaje \u010falej sprac\u00favan\u00e9, na z\u00e1klade z\u00e1sady zlu\u010dite\u013enosti \u00fa\u010delov, na \u00fa\u010dely realiz\u00e1cie pracovnopr\u00e1vneho vz\u0165ahu.<\/p>\r\n<p class=\"p2\">Na \u00fa\u010dely v\u00fdberu vhodn\u00e9ho uch\u00e1dza\u010da nesprac\u00fava Prev\u00e1dzkovate\u013e osobitn\u00fa kateg\u00f3riu Va\u0161ich osobn\u00fdch \u00fadajov (citliv\u00e9 \u00fadaje).<\/p><\/h3>\n\n\n\n<a href=\"#3\"><p>  III. VA\u0160E PR\u00c1VA <\/p><\/a>\n\n\n\n<a href=\"#4\"><p>IV. KONTAKTN\u00c9 \u00daDAJE ZODPOVEDNEJ OSOBY<\/p><\/a>\n\n\n\n<p><\/p>\n","protected":false},"excerpt":{"rendered":"<p>Vyhl\u00e1senie o&nbsp;sprac\u00favan\u00ed osobn\u00fdch \u00fadajov \u00da\u010dely sprac\u00favania osobn\u00fdch \u00fadajov, lehoty uchov\u00e1vania, pr\u00e1vny z\u00e1klad Zodpovedn\u00e1 osoba Mail:&nbsp; zodpovednaosoba@ppprotect.sk Kore\u0161ponden\u010dn\u00e1 adresa:&nbsp; &nbsp;PP Protect s.r.o., Antona Bernol\u00e1ka 2, 071 01 Michalovce R\u00fdchla navig\u00e1cia : Po\u0161ta a registrat\u00fara Agenda poskytovania inform\u00e1ci\u00ed Bezpe\u010dnos\u0165 Pr\u00e1vna agenda Kult\u00farno-spolo\u010densk\u00e1 agenda Person\u00e1lna a mzdov\u00e1 agenda Agenda soci\u00e1lnej starostlivosti V\u0161eobecn\u00e1 agenda Vyhl\u00e1senie o&nbsp;sprac\u00favan\u00ed osobn\u00fdch \u00fadajov III. [&hellip;]<\/p>\n","protected":false},"author":1,"featured_media":0,"parent":0,"menu_order":0,"comment_status":"closed","ping_status":"closed","template":"","meta":{"footnotes":""},"class_list":["post-10003","page","type-page","status-publish","hentry"],"_links":{"self":[{"href":"https:\/\/ppprotect.sk\/dokument\/wp-json\/wp\/v2\/pages\/10003","targetHints":{"allow":["GET"]}}],"collection":[{"href":"https:\/\/ppprotect.sk\/dokument\/wp-json\/wp\/v2\/pages"}],"about":[{"href":"https:\/\/ppprotect.sk\/dokument\/wp-json\/wp\/v2\/types\/page"}],"author":[{"embeddable":true,"href":"https:\/\/ppprotect.sk\/dokument\/wp-json\/wp\/v2\/users\/1"}],"replies":[{"embeddable":true,"href":"https:\/\/ppprotect.sk\/dokument\/wp-json\/wp\/v2\/comments?post=10003"}],"version-history":[{"count":1,"href":"https:\/\/ppprotect.sk\/dokument\/wp-json\/wp\/v2\/pages\/10003\/revisions"}],"predecessor-version":[{"id":10004,"href":"https:\/\/ppprotect.sk\/dokument\/wp-json\/wp\/v2\/pages\/10003\/revisions\/10004"}],"wp:attachment":[{"href":"https:\/\/ppprotect.sk\/dokument\/wp-json\/wp\/v2\/media?parent=10003"}],"curies":[{"name":"wp","href":"https:\/\/api.w.org\/{rel}","templated":true}]}}